{"id":348,"date":"2025-02-26T16:04:43","date_gmt":"2025-02-26T15:04:43","guid":{"rendered":"https:\/\/www.franziskaneum.de\/wp\/?page_id=348"},"modified":"2025-10-22T15:43:51","modified_gmt":"2025-10-22T13:43:51","slug":"schuelerrat","status":"publish","type":"page","link":"https:\/\/www.franziskaneum.de\/wp\/schuelerrat\/","title":{"rendered":"Sch\u00fclerrat"},"content":{"rendered":"\n<div class=\"wp-block-columns is-layout-flex wp-container-core-columns-is-layout-9d6595d7 wp-block-columns-is-layout-flex\">\n<div class=\"wp-block-column is-layout-flow wp-block-column-is-layout-flow\">\n<figure class=\"wp-block-table is-style-regular\"><table class=\"has-theme-palette-3-color has-theme-palette-2-background-color has-text-color has-background has-link-color has-border-color has-theme-palette-9-border-color has-fixed-layout\"><tbody><tr><td><strong>Iven Herzog<\/strong><\/td><td><em>Sch\u00fclersprecher<\/em><\/td><\/tr><tr><td><strong>Aurel Winkler<\/strong><\/td><td><em>stellv. Sch\u00fclersprecher<\/em><\/td><\/tr><tr><td><strong>Frieda Wende<\/strong><\/td><td><em>Schulkonferenzmitglied<\/em><\/td><\/tr><tr><td><strong>Richard Wiedemann<\/strong><\/td><td><em>Schulkonferenzmitglied<\/em><\/td><\/tr><tr><td><strong>Anna-Sophie-Luise Habsch<\/strong><\/td><td><em>Kreissch\u00fclerrats-Delegierte<\/em><\/td><\/tr><\/tbody><\/table><\/figure>\n<\/div>\n<\/div>\n\n\n\n<p class=\"has-text-align-left has-large-font-size\"><strong>Erreichbar unter:<\/strong><\/p>\n\n\n\n<p>E-Mail an Kernsch\u00fclerrat: <a href=\"mailto:schuelersprecher@franziskaneum.lernsax.de\" target=\"_blank\" rel=\"noreferrer noopener\">schuelersprecher@franziskaneum.lernsax.de<\/a><br>E-Mail an Sch\u00fclerrat (alle Klassensprecher und Stellvertreter): <a href=\"mailto:schuelerrat@franziskaneum.lernsax.de\" target=\"_blank\" rel=\"noreferrer noopener\">schuelerrat@franziskaneum.lernsax.de<\/a><br>Instagram:<a href=\"https:\/\/www.instagram.com\/franziskaneum_schuelerrat\/\" target=\"_blank\" rel=\"noreferrer noopener\">@franziskaneum_schuelerrat<\/a><\/p>\n\n\n\n<h4 class=\"wp-block-heading\"><strong>Unsere Gesch\u00e4ftsordnung:<\/strong><\/h4>\n\n\n\n<p><a href=\"https:\/\/www.franziskaneum.de\/wp\/wp-content\/uploads\/2022\/04\/Geschaeftsordnung-des-Schuelerrates-des-Franziskaneums-Meissen-2.pdf\" target=\"_blank\" rel=\"noreferrer noopener\">Gesch\u00e4ftsordnung des Sch\u00fclerrates des Franziskaneums Mei\u00dfen<\/a><\/p>\n\n\n\n<h3 class=\"wp-block-heading\"><strong>Aktuelles:<\/strong><\/h3>\n\n\n\n<ul class=\"wp-block-list\">\n<li>n\u00e4chste Sch\u00fclerratsvollversammlung: <strong>13. Dezember<\/strong> von 14:30 bis 15:30 in der Aula<strong> &nbsp;<\/strong><\/li>\n\n\n\n<li>Spendenaktion f\u00fcr Partnergymnasium in der Ukraine<\/li>\n\n\n\n<li>Kuchenbasar f\u00fcr Betroffene der Erdbeben in T\u00fcrkei und Syrien<\/li>\n\n\n\n<li>Teilnahme am Projekt (\u201eSchule ohne Rassismus \u2013 Schule mit Courage\u201c) \u2013 in Arbeit<\/li>\n\n\n\n<li>Zusammenarbeit mit Seniorenvertretung der Stadt Mei\u00dfen<\/li>\n<\/ul>\n\n\n\n<h2 class=\"wp-block-heading\"><strong>Zusammenarbeit mit Seniorenvertretung der Stadt Mei\u00dfen&nbsp;<\/strong><\/h2>\n\n\n\n<p>Hier finden Sie Beitr\u00e4ge und Berichterstattungen \u00fcber unser gemeinsames Projekt:<\/p>\n\n\n\n<h4 class=\"wp-block-heading\"><a href=\"https:\/\/www.mdr.de\/nachrichten\/sachsen\/dresden\/video-694916_zc-78394914_zs-184ba727.html\" target=\"_blank\" rel=\"noreferrer noopener\">MDR-Beitrag<\/a><br><a href=\"https:\/\/www.saechsische.de\/meissen\/mediensprechstunde-franziskaneum-seniorenvertretung-5813791-plus.html\" target=\"_blank\" rel=\"noreferrer noopener\">Artikel der SZ-Mei\u00dfen<\/a><\/h4>\n\n\n\n<p><strong>N\u00e4chste Termine:<\/strong><br><strong>Mai:<\/strong> Donnerstag, 11.05.2023 | 15:30 Uhr | A1.09<br><strong>Juni:<\/strong> Donnerstag, 08.06.2023 | 15:30 Uhr | A1.09<\/p>\n\n\n\n<p><\/p>\n","protected":false},"excerpt":{"rendered":"<p>Iven Herzog Sch\u00fclersprecher Aurel Winkler stellv. Sch\u00fclersprecher Frieda Wende Schulkonferenzmitglied Richard Wiedemann Schulkonferenzmitglied Anna-Sophie-Luise Habsch Kreissch\u00fclerrats-Delegierte Erreichbar unter: E-Mail an Kernsch\u00fclerrat: schuelersprecher@franziskaneum.lernsax.deE-Mail an Sch\u00fclerrat (alle Klassensprecher und Stellvertreter): schuelerrat@franziskaneum.lernsax.deInstagram:@franziskaneum_schuelerrat Unsere Gesch\u00e4ftsordnung: Gesch\u00e4ftsordnung des Sch\u00fclerrates des Franziskaneums Mei\u00dfen Aktuelles: Zusammenarbeit mit Seniorenvertretung der Stadt Mei\u00dfen&nbsp; Hier finden Sie Beitr\u00e4ge und Berichterstattungen \u00fcber unser gemeinsames Projekt: MDR-BeitragArtikel&#8230;<\/p>\n","protected":false},"author":4,"featured_media":0,"parent":0,"menu_order":0,"comment_status":"closed","ping_status":"closed","template":"","meta":{"_kadence_starter_templates_imported_post":false,"_kad_post_transparent":"","_kad_post_title":"","_kad_post_layout":"","_kad_post_sidebar_id":"","_kad_post_content_style":"","_kad_post_vertical_padding":"","_kad_post_feature":"","_kad_post_feature_position":"","_kad_post_header":false,"_kad_post_footer":false,"_kad_post_classname":"","footnotes":""},"class_list":["post-348","page","type-page","status-publish","hentry"],"_links":{"self":[{"href":"https:\/\/www.franziskaneum.de\/wp\/wp-json\/wp\/v2\/pages\/348","targetHints":{"allow":["GET"]}}],"collection":[{"href":"https:\/\/www.franziskaneum.de\/wp\/wp-json\/wp\/v2\/pages"}],"about":[{"href":"https:\/\/www.franziskaneum.de\/wp\/wp-json\/wp\/v2\/types\/page"}],"author":[{"embeddable":true,"href":"https:\/\/www.franziskaneum.de\/wp\/wp-json\/wp\/v2\/users\/4"}],"replies":[{"embeddable":true,"href":"https:\/\/www.franziskaneum.de\/wp\/wp-json\/wp\/v2\/comments?post=348"}],"version-history":[{"count":3,"href":"https:\/\/www.franziskaneum.de\/wp\/wp-json\/wp\/v2\/pages\/348\/revisions"}],"predecessor-version":[{"id":13569,"href":"https:\/\/www.franziskaneum.de\/wp\/wp-json\/wp\/v2\/pages\/348\/revisions\/13569"}],"wp:attachment":[{"href":"https:\/\/www.franziskaneum.de\/wp\/wp-json\/wp\/v2\/media?parent=348"}],"curies":[{"name":"wp","href":"https:\/\/api.w.org\/{rel}","templated":true}]}}